{"id":1535,"date":"2021-04-16T15:38:38","date_gmt":"2021-04-16T13:38:38","guid":{"rendered":"http:\/\/philao.fr\/?page_id=1535"},"modified":"2026-01-14T16:08:21","modified_gmt":"2026-01-14T15:08:21","slug":"devenir-tuteur","status":"publish","type":"page","link":"http:\/\/philao.fr\/?page_id=1535","title":{"rendered":"Devenir tuteur"},"content":{"rendered":"\n<p><strong>OBJECTIFS DE\nFORMATION<\/strong><\/p>\n\n\n\n<p>Faciliter l\u2019int\u00e9gration et le\nd\u00e9veloppement des comp\u00e9tences des nouveaux collaborateurs<\/p>\n\n\n\n<p><strong>OBJECTIFS P\u00c9DAGOGIQUES<\/strong><\/p>\n\n\n\n<p>Accueillir et faciliter l\u2019int\u00e9gration d\u2019un nouveau\ncollaborateur<\/p>\n\n\n\n<p>Construire et organiser la d\u00e9marche d\u2019accompagnement <\/p>\n\n\n\n<p>D\u00e9velopper ses capacit\u00e9s relationnelles d\u2019accompagnant<\/p>\n\n\n\n<p><strong>PUBLIC CONCERNE<\/strong><\/p>\n\n\n\n<p>Toute personne amen\u00e9e \u00e0 accompagner un nouveau collaborateur<\/p>\n\n\n\n<p><strong>PRE-REQUIS<\/strong><\/p>\n\n\n\n<p>Aucun.<\/p>\n\n\n\n<p><strong>ORGANISATION<\/strong><\/p>\n\n\n\n<p><strong>Dur\u00e9e&nbsp;: 2<\/strong>\njours (14 heures)<\/p>\n\n\n\n<p><strong>Lieu de formation&nbsp;:<\/strong> dans votre entreprise ou inter entreprises <\/p>\n\n\n\n<p><strong>D\u00e9lais d\u2019acc\u00e8s&nbsp;\u00e0 la formation : &nbsp;<\/strong>g\u00e9n\u00e9ralement d\u2019une \u00e0 trois semaines (nous\nconsulter) <\/p>\n\n\n\n<p><strong>CONTENU DE\nFORMATION&nbsp;:<\/strong><\/p>\n\n\n\n<p><strong>1) \u00catre tuteur dans\nl\u2019entreprise<\/strong><\/p>\n\n\n\n<p>La fonction tutorale\ndans l\u2019entreprise&nbsp;: r\u00f4les et missions<\/p>\n\n\n\n<p>Les caract\u00e9ristiques\ndu public accueilli : profil des nouveaux collaborateurs<\/p>\n\n\n\n<p>Les particularit\u00e9s de\nla relation tuteur\/tutorat<\/p>\n\n\n\n<p><strong>2) L\u2019accueil\net l\u2019int\u00e9gration des tutor\u00e9s : construction d\u2019un parcours de formation pratique<\/strong><\/p>\n\n\n\n<p>Rep\u00e9rer les\nbesoins et attentes du collaborateur<\/p>\n\n\n\n<p>D\u00e9finir des\nobjectifs p\u00e9dagogiques et mettre en place les situations professionnelles\nappropri\u00e9es <\/p>\n\n\n\n<p>Construire une\nprogression adapt\u00e9e<\/p>\n\n\n\n<p><strong>3) Pr\u00e9parer\nl\u2019autonomie professionnelle<\/strong><\/p>\n\n\n\n<p>Formaliser et cadrer la mission du tutor\u00e9&nbsp;&nbsp;&nbsp;&nbsp;&nbsp;&nbsp;&nbsp;&nbsp;&nbsp;&nbsp;&nbsp;&nbsp; <\/p>\n\n\n\n<p>Transmettre des comp\u00e9tences en situation de travail\n(transmettre du savoir, savoir-faire et savoir-\u00eatre) <\/p>\n\n\n\n<p>communiquer\nefficacement : <\/p>\n\n\n\n<p>Encourager et\nmettre en avant les r\u00e9ussites<\/p>\n\n\n\n<p>Rep\u00e9rer les\ndifficult\u00e9s, adapter sa posture en cons\u00e9quence<\/p>\n\n\n\n<p>Faire le bilan\ndu parcours tutoral<\/p>\n\n\n\n<p><\/p>\n\n\n\n<p><strong>Information validation&nbsp;:<\/strong><\/p>\n\n\n\n<p>Attestation individuelle de formation<\/p>\n\n\n\n<p><strong>Qualifications\ndes formateurs&nbsp;: <\/strong>Formateur expert ayant une exp\u00e9rience en entreprise et\ndont les comp\u00e9tences d&rsquo;animation sur cette th\u00e9matique sont reconnues.\nL&rsquo;approche p\u00e9dagogique propos\u00e9e est conforme \u00e0 la d\u00e9marche qualit\u00e9 de PHILAO.<\/p>\n\n\n\n<p><strong>Modalit\u00e9s p\u00e9dagogiques&nbsp;: <\/strong><\/p>\n\n\n\n<p>P\u00e9dagogie participative\navec Mises en situation \u2013 travaux en sous-groupe \u2013 simulations d&rsquo;entretiens\nprofessionnels (accueil, programmation, \u00e9valuation) <\/p>\n\n\n\n<p><strong>Modalit\u00e9s d&rsquo;\u00e9valuations&nbsp;:&nbsp; <\/strong><\/p>\n\n\n\n<p>\u00c9valuation syst\u00e9matique des connaissances acquises en fin de formation (QCM d\u00e9but et fin de formation).<\/p>\n\n\n\n<p><strong>Accessibilit\u00e9 aux personnes handicap\u00e9es&nbsp;: <\/strong>nous consulter<\/p>\n\n\n\n<p class=\"has-luminous-vivid-orange-color has-text-color\"><strong>100 % des apprenants se sont d\u00e9clar\u00e9s satisfaits ou tr\u00e8s satisfaits \u00e0 l&rsquo;issue de leur formation en 2025<\/strong> *<\/p>\n\n\n\n<p><strong>tarif : <\/strong>690 euros net de TVA par personne,<\/p>\n\n\n\n<ul>\n<li>sur la base d&rsquo;un questionnaire \u00e9crit de satisfaction<\/li>\n<\/ul>\n\n\n\n<p>le 6 janvier 2026<\/p>\n","protected":false},"excerpt":{"rendered":"<p>OBJECTIFS DE FORMATION Faciliter l\u2019int\u00e9gration et le d\u00e9veloppement des comp\u00e9tences des nouveaux collaborateurs OBJECTIFS P\u00c9DAGOGIQUES Accueillir et faciliter l\u2019int\u00e9gration d\u2019un nouveau collaborateur Construire et organiser la d\u00e9marche d\u2019accompagnement D\u00e9velopper ses &#8230;<\/p>\n","protected":false},"author":1,"featured_media":0,"parent":0,"menu_order":0,"comment_status":"closed","ping_status":"closed","template":"","meta":{"_monsterinsights_skip_tracking":false,"_monsterinsights_sitenote_active":false,"_monsterinsights_sitenote_note":"","_monsterinsights_sitenote_category":0,"footnotes":""},"_links":{"self":[{"href":"http:\/\/philao.fr\/index.php?rest_route=\/wp\/v2\/pages\/1535"}],"collection":[{"href":"http:\/\/philao.fr\/index.php?rest_route=\/wp\/v2\/pages"}],"about":[{"href":"http:\/\/philao.fr\/index.php?rest_route=\/wp\/v2\/types\/page"}],"author":[{"embeddable":true,"href":"http:\/\/philao.fr\/index.php?rest_route=\/wp\/v2\/users\/1"}],"replies":[{"embeddable":true,"href":"http:\/\/philao.fr\/index.php?rest_route=%2Fwp%2Fv2%2Fcomments&post=1535"}],"version-history":[{"count":10,"href":"http:\/\/philao.fr\/index.php?rest_route=\/wp\/v2\/pages\/1535\/revisions"}],"predecessor-version":[{"id":2146,"href":"http:\/\/philao.fr\/index.php?rest_route=\/wp\/v2\/pages\/1535\/revisions\/2146"}],"wp:attachment":[{"href":"http:\/\/philao.fr\/index.php?rest_route=%2Fwp%2Fv2%2Fmedia&parent=1535"}],"curies":[{"name":"wp","href":"https:\/\/api.w.org\/{rel}","templated":true}]}}